{"version":"1.0","provider_name":"Anna konyh\u00e1ja","provider_url":"https:\/\/annakonyha.cafeblog.hu","author_name":"Anna","author_url":"https:\/\/annakonyha.cafeblog.hu\/author\/maricsanna2gmail-com\/","title":"Szedres t\u00far\u00f3pite","html":"<p style=\"text-align: center\"><img class=\"alignnone  wp-image-12154528\" src=\"https:\/\/annakonyha.cafeblog.hu\/files\/2018\/10\/DSC02509-300x169.jpg\" alt=\"\" width=\"403\" height=\"227\" \/><\/p>\r\n<p><strong>Hozz\u00e1val\u00f3k:<\/strong><\/p>\r\n<ol>\r\n<li>50 dkg t\u00far\u00f3,<\/li>\r\n<li>8 dkg puha vaj,<\/li>\r\n<li>1 ek liszt,<\/li>\r\n<li>3 ek b\u00fazadara,<\/li>\r\n<li>7 dkg porcukor vagy 3 dkg eritrit stevi\u00e1val,<\/li>\r\n<li>2 db toj\u00e1s,<\/li>\r\n<li>1\/2 mk sz\u00f3dabikarb\u00f3na,<\/li>\r\n<li>1 ek frissen facsar citroml\u00e9,<\/li>\r\n<li>1 ek van\u00edlia kivonat,<\/li>\r\n<li>a tetej\u00e9re 10 dkg szeder,<\/li>\r\n<li>a t\u00e1lal\u00e1shoz: szederdzsem,<\/li>\r\n<\/ol>\r\n<p><strong>Elk\u00e9sz\u00edt\u00e9se:<\/strong><\/p>\r\n<p>A t\u00far\u00f3t habosra keverem a cukorral, a citroml\u00e9vel, a van\u00edli\u00e1val, a toj\u00e1ss\u00e1rg\u00e1j\u00e1val \u00e9s a vajjal.<\/p>\r\n<p>\u00d6sszekeverem a lisztet, a dar\u00e1t \u00e9s a sz\u00f3dabikarb\u00f3n\u00e1t, majd a csipet s\u00f3val kem\u00e9nyre felvert toj\u00e1sfeh\u00e9rj\u00e9vel egy\u00fctt a t\u00far\u00f3s massz\u00e1hoz adom.<\/p>\r\n<p>Egy 20 x 25 cm-es tepsit ( vagy 24 cm-es kerek tortaforma ) kivajazok, kilisztezek, \u00e9s bele\u00f6nt\u00f6m a t\u00far\u00f3s kever\u00e9ket. A szederszemeket belenyomkodom, majd 180 \u00b0C-os s\u00fct\u0151ben 30-35 percig s\u00fct\u00f6m. A tetej\u00e9t porcukorral enyh\u00e9n meghintem. Hidegen \u00e9s melegen egyar\u00e1nt nagyon finom.<\/p>\r\n<p style=\"text-align: center\"><img class=\"alignnone  wp-image-12154526\" src=\"https:\/\/annakonyha.cafeblog.hu\/files\/2018\/10\/DSC02507-300x218.jpg\" alt=\"\" width=\"350\" height=\"254\" \/><\/p>\r\n<p style=\"text-align: center\">\u00a0<\/p>\r\n<p style=\"text-align: center\"><img class=\"alignnone  wp-image-12154529\" src=\"https:\/\/annakonyha.cafeblog.hu\/files\/2018\/10\/DSC02510-300x169.jpg\" alt=\"\" width=\"351\" height=\"198\" \/><\/p>\r\n<p style=\"text-align: center\"><img class=\"alignnone  wp-image-12154527\" src=\"https:\/\/annakonyha.cafeblog.hu\/files\/2018\/10\/DSC02508-300x169.jpg\" alt=\"\" width=\"351\" height=\"198\" \/><\/p>","type":"rich","thumbnail_url":"https:\/\/annakonyha.cafeblog.hu\/files\/2018\/10\/DSC02509-150x150.jpg","thumbnail_width":150,"thumbnail_height":150}