{"version":"1.0","provider_name":"Anna konyh\u00e1ja","provider_url":"https:\/\/annakonyha.cafeblog.hu","author_name":"Anna","author_url":"https:\/\/annakonyha.cafeblog.hu\/author\/maricsanna2gmail-com\/","title":"Rakott cukkini \u00f6ntettel","html":"<p><img class=\" wp-image-12151948 aligncenter\" src=\"https:\/\/annakonyha.cafeblog.hu\/files\/2017\/09\/DSC00299-300x174.jpg\" alt=\"\" width=\"400\" height=\"232\" \/><\/p>\r\n<p><span style=\"text-decoration: underline\"><strong>Hozz\u00e1val\u00f3k:<\/strong><\/span><\/p>\r\n<ol>\r\n<li>50 dkg csirkemellfil\u00e9,<\/li>\r\n<li>50 dkg megtiszt\u00edtott cukkini,<\/li>\r\n<li>s\u00f3,<\/li>\r\n<li>bors,<\/li>\r\n<li>bazsalikom,<\/li>\r\n<li>4 gerezd fokhagyma,<\/li>\r\n<li>1 fej lila hagyma,<\/li>\r\n<li>1 db k\u00e1pia paprika,<\/li>\r\n<li>1 db z\u00f6ld paprika, ( lehet cs\u00edp\u0151s is )<\/li>\r\n<li>10 dkg f\u00fcst\u00f6lt szalonna,<\/li>\r\n<li>10 dkg reszelt sajt,<\/li>\r\n<li>1 ek must\u00e1r,<\/li>\r\n<li>1 db toj\u00e1s,<\/li>\r\n<li>2 ek zs\u00edr,<\/li>\r\n<\/ol>\r\n<p><span style=\"text-decoration: underline\"><strong>Elk\u00e9sz\u00edt\u00e9se:<\/strong><\/span><\/p>\r\n<p>A mellfil\u00e9t v\u00e9kony szeletekre v\u00e1gom,s\u00f3zom, borsozom, \u00e9s f\u00e9lre teszem a felhaszn\u00e1l\u00e1sig.<\/p>\r\n<p>A cukkinit megtiszt\u00edtom, v\u00e9kony karik\u00e1kra szeletelem, les\u00f3zom, \u00e9s szint\u00e9n \u00e1llni hagyom, majd a k\u00e9pz\u0151d\u00f6tt levet le\u00f6nt\u00f6m r\u00f3la.<\/p>\r\n<p>A szalonn\u00e1t felszeletelem, \u00e9s egy serpeny\u0151ben, 2 ek zs\u00edron a zs\u00edrj\u00e1t kis\u00fct\u00f6m.<\/p>\r\n<p>A szalonn\u00e1t kiveszem, a visszamaradt zs\u00edrban a mellfil\u00e9 szeleteket gyakran forgatva kis\u00fct\u00f6m.<\/p>\r\n<p>A szalonnaszeletek mell\u00e9 kiveszem a h\u00fasszeleteket, majd ugyanebben a serpeny\u0151ben a les\u00f3zott cukkininek kb a fel\u00e9t megp\u00e1rolom. Felszeletelt fokhagym\u00e1val, \u00e9s bazsalikommal \u00edzes\u00edtem. Egy kicsit h\u0171lni hagyom, majd turmixg\u00e9pbe \u00f6nt\u00f6m, hozz\u00e1adom a must\u00e1rt, a toj\u00e1st, \u00e9s p\u00e9pesre turmixolom.<\/p>\r\n<p>A lila hagym\u00e1t \u00e9s a paprik\u00e1kat felszeletelem.<\/p>\r\n<p>Egy cser\u00e9pt\u00e1l alj\u00e1t v\u00e9konyan kizs\u00edrozom. az alj\u00e1ra elrendezem a marad\u00e9k cukkini karik\u00e1kat. \u00a0A kis\u00fct\u00f6tt mellfil\u00e9t k\u00e9zzel r\u00e1t\u00e9pkedem, egyenletesen elrendezem Erre teszem a lila hagyma,- \u00e9s a paprika karik\u00e1kat, majd befedem a kis\u00fct\u00f6tt szalonna szeletekkel. Meg\u00f6nt\u00f6z\u00f6m a cukkini p\u00e9ppel, v\u00e9g\u00fcl r\u00e1sz\u00f3rom a reszelt sajtot.<\/p>\r\n<p>200 \u00b0C-os s\u00fct\u0151ben addig s\u00fct\u00f6m, am\u00edg a sajt megpirul, \u00e9s r\u00e1olvad a tetej\u00e9re.<\/p>\r\n<p style=\"text-align: center\"><img class=\"alignnone  wp-image-12151939\" src=\"https:\/\/annakonyha.cafeblog.hu\/files\/2017\/09\/DSC00290-m\u00e1solata-300x214.jpg\" alt=\"\" width=\"350\" height=\"250\" \/><\/p>\r\n<p style=\"text-align: center\"><img class=\"alignnone  wp-image-12151940\" src=\"https:\/\/annakonyha.cafeblog.hu\/files\/2017\/09\/DSC00291-m\u00e1solata-300x184.jpg\" alt=\"\" width=\"352\" height=\"216\" \/><\/p>\r\n<p style=\"text-align: center\"><img class=\"alignnone  wp-image-12151941\" src=\"https:\/\/annakonyha.cafeblog.hu\/files\/2017\/09\/DSC00292-m\u00e1solata-300x217.jpg\" alt=\"\" width=\"350\" height=\"253\" \/><\/p>\r\n<p style=\"text-align: center\"><img class=\"alignnone  wp-image-12151942\" src=\"https:\/\/annakonyha.cafeblog.hu\/files\/2017\/09\/DSC00293-m\u00e1solata-300x174.jpg\" alt=\"\" width=\"353\" height=\"205\" \/><\/p>\r\n<p style=\"text-align: center\"><img class=\"alignnone  wp-image-12151943\" src=\"https:\/\/annakonyha.cafeblog.hu\/files\/2017\/09\/DSC00294-m\u00e1solata-300x174.jpg\" alt=\"\" width=\"350\" height=\"203\" \/><\/p>\r\n<p style=\"text-align: center\"><img class=\"alignnone  wp-image-12151945\" src=\"https:\/\/annakonyha.cafeblog.hu\/files\/2017\/09\/DSC00296-300x174.jpg\" alt=\"\" width=\"351\" height=\"204\" \/><\/p>\r\n<p style=\"text-align: center\"><img class=\"alignnone  wp-image-12151948\" src=\"https:\/\/annakonyha.cafeblog.hu\/files\/2017\/09\/DSC00299-300x174.jpg\" alt=\"\" width=\"350\" height=\"203\" \/><\/p>\r\n<p style=\"text-align: center\"><img class=\"alignnone  wp-image-12151950\" src=\"https:\/\/annakonyha.cafeblog.hu\/files\/2017\/09\/DSC00301-300x174.jpg\" alt=\"\" width=\"353\" height=\"205\" \/><\/p>\r\n<p>&nbsp;<\/p>","type":"rich","thumbnail_url":"https:\/\/annakonyha.cafeblog.hu\/files\/2017\/09\/DSC00299-150x150.jpg","thumbnail_width":150,"thumbnail_height":150}