{"version":"1.0","provider_name":"Anna konyh\u00e1ja","provider_url":"https:\/\/annakonyha.cafeblog.hu","author_name":"Anna","author_url":"https:\/\/annakonyha.cafeblog.hu\/author\/maricsanna2gmail-com\/","title":"Almar\u00f3zsa","html":"<p style=\"text-align: center\"><img class=\"imgnotext\" src=\"https:\/\/annakonyha.cafeblog.hu\/files\/2016\/01\/dsc01907-1.jpg\" alt=\"dsc01907.JPG\" width=\"402\" height=\"301\" \/>\u00a0<\/p>\r\n<p><span style=\"text-decoration: underline\"><strong>Hozz\u00e1val\u00f3k:<\/strong><\/span><\/p>\r\n<ol>\r\n<li>30 dkg leveles t\u00e9szta, <a href=\"http:\/\/annakonyha.blog.hu\/2016\/02\/25\/hajas_leveles_teszta\" target=\"_blank\" rel=\"noopener noreferrer\">(h\u00e1jb\u00f3l <\/a>vagy<a href=\"http:\/\/annakonyha.blog.hu\/2015\/01\/02\/leveles_teszta_376\" target=\"_blank\" rel=\"noopener noreferrer\"> margarinb\u00f3l <\/a>)<\/li>\r\n<li>6-7 db alma, (s\u00e1rga, piros \u00e9s z\u00f6ld h\u00e9j\u00fa vegyesen )<\/li>\r\n<li>3 ek citroml\u00e9 + 1 ek cukor az alma f\u0151z\u00e9s\u00e9hez,<\/li>\r\n<li>3-4 ek cukor +1 csom van\u00edli\u00e1s cukor +1 tk \u0151r\u00f6lt fah\u00e9j a sz\u00f3r\u00e1shoz,<\/li>\r\n<\/ol>\r\n<p><span style=\"text-decoration: underline\"><strong>Elk\u00e9sz\u00edt\u00e9se:<\/strong><\/span><\/p>\r\n<p>A megtiszt\u00edtott alm\u00e1kat kett\u00e9v\u00e1gom, a magh\u00e1zat kikanyar\u00edtom, \u00e9s v\u00e9kony szeletekre v\u00e1gom.<\/p>\r\n<p>Egy ed\u00e9nybe vizet forralok, cukorral \u00e9s citroml\u00e9vel \u00edzes\u00edtem, majd az almaszeleteket belerakom, \u00e9s addig f\u0151z\u00f6m, am\u00edg <span style=\"text-decoration: underline\">el nem kezd !<\/span> puhulni az alma. Ez max 2 perc. \u00cdgy nem esik sz\u00e9t, de m\u00e1r hajl\u00edthat\u00f3. Sz\u0171r\u0151lap\u00e1ttal pap\u00edrkend\u0151re kiszedem, \u00e9s lesz\u00e1r\u00edtom.<\/p>\r\n<p>A leveles t\u00e9szt\u00e1t v\u00e9konyra ny\u00fajtom, derelyev\u00e1g\u00f3val 2,5-3 cm sz\u00e9les cs\u00edkokra v\u00e1gom.<\/p>\r\n<p>A cukrot \u00f6sszekeverem a van\u00edli\u00e1val \u00e9s a fah\u00e9jjal, majd r\u00e1szit\u00e1lom a kiny\u00fajtott t\u00e9szt\u00e1ra. Sodr\u00f3f\u00e1t v\u00e9gighengergetek rajta, hogy r\u00f6gz\u00edtsem a fah\u00e9jas-cukros kever\u00e9ket.<\/p>\r\n<p>Az almaszeleteket a t\u00e9sztacs\u00edkokra rendezem \u00fagy, hogy egym\u00e1st kiss\u00e9 fedj\u00e9k, \u00e9s az almaszeletek \u00edve t\u00fall\u00f3gjon a t\u00e9szt\u00e1n.\u00a0<\/p>\r\n<p>A t\u00e9sztacs\u00edkokat szorosan feltekerem, \u00e9s egy fogpiszk\u00e1l\u00f3val a t\u00e9sztav\u00e9get r\u00f6gz\u00edtem.<\/p>\r\n<p>S\u00fct\u0151pap\u00edrral kib\u00e9lelt tepsire rakom, \u00e9s 180 \u00b0C-ra el\u0151meleg\u00edtett s\u00fct\u0151ben, 20-25 perc alatt k\u00e9szre s\u00fct\u00f6m.A tepsiben hagyom kih\u0171lni, majd t\u00e1lra rakom, \u00e9s porcukorral besz\u00f3rom.<\/p>\r\n<p>Finom, mutat\u00f3s, gyorsan elk\u00e9sz\u00edthet\u0151 s\u00fctem\u00e9ny.<\/p>\r\n<p style=\"text-align: center\"><img class=\"imgnotext\" src=\"https:\/\/annakonyha.cafeblog.hu\/files\/2016\/01\/dsc01906.jpg\" alt=\"dsc01906.JPG\" width=\"350\" height=\"248\" \/><\/p>\r\n<p style=\"text-align: center\"><img class=\"imgnotext\" src=\"https:\/\/annakonyha.cafeblog.hu\/files\/2016\/01\/dsc01908.jpg\" alt=\"dsc01908.JPG\" width=\"352\" height=\"264\" \/><\/p>\r\n<p>&nbsp;<\/p>","type":"rich","thumbnail_url":"https:\/\/annakonyha.cafeblog.hu\/files\/2016\/01\/dsc01907-150x150.jpg","thumbnail_width":150,"thumbnail_height":150}