{"version":"1.0","provider_name":"Anna konyh\u00e1ja","provider_url":"https:\/\/annakonyha.cafeblog.hu","author_name":"Anna","author_url":"https:\/\/annakonyha.cafeblog.hu\/author\/maricsanna2gmail-com\/","title":"Mexik\u00f3i csilis bab","html":"<p style=\"text-align: center\">\u00a0<img class=\"imgnotext\" src=\"https:\/\/annakonyha.cafeblog.hu\/files\/2016\/01\/dsc01873-1.jpg\" alt=\"dsc01873.JPG\" width=\"400\" height=\"267\" \/><\/p>\r\n<p><span style=\"text-decoration: underline\"><strong>Hozz\u00e1val\u00f3k:<\/strong><\/span><\/p>\r\n<ol>\r\n<li>50 dkg dar\u00e1lt sert\u00e9s vagy marhah\u00fas,<\/li>\r\n<li>1 fej v\u00f6r\u00f6shagyma,<\/li>\r\n<li>4 gerezd fokhagyma,<\/li>\r\n<li>2 db csilipaprika,<\/li>\r\n<li>15 dkg s\u0171r\u00edtett paradicsom,<\/li>\r\n<li>1,5-2 dl h\u00e1zi paradicsoml\u00e9,<\/li>\r\n<li>s\u00f3,<\/li>\r\n<li>\u0151r\u00f6lt bors,<\/li>\r\n<li>1 tk \u0151r\u00f6lt r\u00f3mai k\u00f6m\u00e9ny,<\/li>\r\n<li>1 tk oreg\u00e1n\u00f3,<\/li>\r\n<li>1\/2 kk \u0151r\u00f6lt fah\u00e9j,<\/li>\r\n<li>1 tk \u0151r\u00f6lt pirospaprika,<\/li>\r\n<li>40 dkg sz\u00e1raz \u00a0bab, ( v\u00f6r\u00f6s-tarka-feh\u00e9r bab vegyesen) vagy konzerv<\/li>\r\n<li>15 dkg f\u0151tt konzerv kukorica,<\/li>\r\n<li>olaj ,<\/li>\r\n<\/ol>\r\n<p><span style=\"text-decoration: underline\"><strong>Elk\u00e9sz\u00edt\u00e9se:<\/strong><\/span><\/p>\r\n<p>El\u0151z\u0151 este a babokat b\u0151 v\u00edzbe \u00e1ztatni teszem. M\u00e1snap\u00a0le\u00f6nt\u00f6m r\u00f3la a vizet, \u00e9s tiszta,\u00a0b\u0151 v\u00edzben megf\u0151z\u00f6m.<\/p>\r\n<p>A hagym\u00e1kat\u00a0, \u00e9s a csilipaprik\u00e1t\u00a0apr\u00edt\u00f3ba teszem, felapr\u00edtom.<\/p>\r\n<p>Egy serpeny\u0151ben kev\u00e9s olajon megp\u00e1rolom a v\u00f6r\u00f6shagym\u00e1t, majd p\u00e1r perc ut\u00e1n beledobom a fokhagym\u00e1t, csili paprik\u00e1t, \u00e9s egy\u00fctt p\u00e1rolom 1 percet. Hozz\u00e1adom a dar\u00e1lt h\u00fast, \u00e9s addig pir\u00edtom, am\u00edg barn\u00e1s sz\u00ednt nem kap. Akkor megsz\u00f3rom pirospaprik\u00e1val, bele\u00f6nt\u00f6m a s\u0171r\u00edtett paradicsomot \u00e9s a paradicsomlevet. (el\u0151z\u0151leg a s\u0171r\u00edtett paradicsomot felh\u00edg\u00edtottam a paradicsoml\u00e9vel ). F\u0171szerezem az oreg\u00e1n\u00f3val, s\u00f3val, borssal, r\u00f3mai k\u00f6m\u00e9nnyel, \u00e9s egy csipet fah\u00e9jjal. Fed\u0151 alatt , lass\u00fa t\u0171z\u00f6n 1 \u00f3r\u00e1t p\u00e1rolom, k\u00f6zben n\u00e9ha megkeverem.<\/p>\r\n<p>K\u00f6zben a megf\u0151tt babot \u00e9s a konzerv kukoric\u00e1t lesz\u0171r\u00f6m, \u00e9s a paradicsomos raguhoz adom, \u00f6sszekeverem, \u00e9s p\u00e1r percig egy\u00fctt forralom. Elz\u00e1rom a t\u0171zet, \u00e9s ak\u00e1r t\u00e1lalhatom is.<\/p>\r\n<p>A csilis bab olyan, mint a t\u00f6lt\u00f6tt k\u00e1poszta. Min\u00e9l t\u00f6bbsz\u00f6r van meleg\u00edtve ann\u00e1l finomabb !!<\/p>\r\n<p style=\"text-align: center\"><img class=\"imgnotext\" src=\"https:\/\/annakonyha.cafeblog.hu\/files\/2016\/01\/dsc01852_masolata.jpg\" alt=\"dsc01852_masolata.JPG\" width=\"350\" height=\"306\" \/><\/p>\r\n<p style=\"text-align: center\">vesebab<\/p>\r\n<p style=\"text-align: center\"><img class=\"imgnotext\" src=\"https:\/\/annakonyha.cafeblog.hu\/files\/2016\/01\/dsc01854.jpg\" alt=\"dsc01854.JPG\" width=\"351\" height=\"306\" \/><\/p>\r\n<p style=\"text-align: center\">v\u00f6r\u00f6sbab<\/p>\r\n<p style=\"text-align: center\"><img class=\"imgnotext\" src=\"https:\/\/annakonyha.cafeblog.hu\/files\/2016\/01\/dsc01855.jpg\" alt=\"dsc01855.JPG\" width=\"351\" height=\"321\" \/><\/p>\r\n<p style=\"text-align: center\">tarkabab<\/p>\r\n<p style=\"text-align: center\"><img class=\"imgnotext\" src=\"https:\/\/annakonyha.cafeblog.hu\/files\/2016\/01\/dsc01853_masolata.jpg\" alt=\"dsc01853_masolata.JPG\" width=\"350\" height=\"291\" \/><\/p>\r\n<p style=\"text-align: center\">feh\u00e9rbab<\/p>\r\n<p style=\"text-align: center\"><img class=\"imgnotext\" src=\"https:\/\/annakonyha.cafeblog.hu\/files\/2016\/01\/dsc01857.jpg\" alt=\"dsc01857.JPG\" width=\"351\" height=\"300\" \/><\/p>\r\n<p style=\"text-align: center\"><img class=\"imgnotext\" src=\"https:\/\/annakonyha.cafeblog.hu\/files\/2016\/01\/dsc01859.jpg\" alt=\"dsc01859.JPG\" width=\"351\" height=\"287\" \/><\/p>\r\n<p style=\"text-align: center\"><img class=\"imgnotext\" src=\"https:\/\/annakonyha.cafeblog.hu\/files\/2016\/01\/dsc01862.jpg\" alt=\"dsc01862.JPG\" width=\"351\" height=\"266\" \/><\/p>\r\n<p style=\"text-align: center\"><img class=\"imgnotext\" src=\"https:\/\/annakonyha.cafeblog.hu\/files\/2016\/01\/dsc01871.jpg\" alt=\"dsc01871.JPG\" width=\"351\" height=\"281\" \/><\/p>","type":"rich","thumbnail_url":"https:\/\/annakonyha.cafeblog.hu\/files\/2016\/01\/dsc01873-150x150.jpg","thumbnail_width":150,"thumbnail_height":150}