{"version":"1.0","provider_name":"Anna konyh\u00e1ja","provider_url":"https:\/\/annakonyha.cafeblog.hu","author_name":"Anna","author_url":"https:\/\/annakonyha.cafeblog.hu\/author\/maricsanna2gmail-com\/","title":"Csipkebogy\u00f3-te\u00e1nak","html":"<p style=\"text-align: center\">\u00a0<img class=\"alignnone  wp-image-12156444\" src=\"https:\/\/annakonyha.cafeblog.hu\/files\/2015\/11\/DSC01055-300x224.jpg\" alt=\"\" width=\"400\" height=\"299\" \/><\/p>\r\n<p><strong>Hozz\u00e1val\u00f3k :<\/strong><\/p>\r\n<ol>\r\n<li>d\u00e9r cs\u00edpte csipkebogy\u00f3,<\/li>\r\n<li>elektromos apr\u00edt\u00f3,<\/li>\r\n<li>id\u0151 \u00e9s szil\u00e1rd elhat\u00e1roz\u00e1s,<\/li>\r\n<\/ol>\r\n<p><span style=\"text-decoration: underline\"><strong>Elk\u00e9sz\u00edt\u00e9se :<\/strong><\/span><\/p>\r\n<p>A csipkebogy\u00f3knak a k\u00e9t v\u00e9g\u00e9t \u00e9les k\u00e9ssel lev\u00e1gom. Alaposan megmosom, egy konyharuh\u00e1ra kiter\u00edtem, hogy megsz\u00e1radjon. R\u00e9gebben k\u00e9ssel kett\u00e9v\u00e1gtam a szemeket, de ez el\u00e9g macer\u00e1s munka volt, ez\u00e9t \u00faj\u00edtottam.<\/p>\r\n<p>Kis adagonk\u00e9nt az apr\u00edt\u00f3ba teszem , \u00e9s pulz\u00e1l\u00f3 dar\u00e1l\u00e1ssal p\u00e1rat p\u00f6rgetek rajta, \u00edgy egy els\u0151dleges durva apr\u00edt\u00e1st adok a szemeknek. Egy t\u00e1lc\u00e1ra kiter\u00edtem, \u00e9s mehet sz\u00e1radni. Ez n\u00e1lunk a cser\u00e9pk\u00e1lyha teteje, de a s\u00fct\u0151 is megteszi 50-60 fokon, r\u00e9snyire nyitott ajt\u00f3 mellett. Amikor cs\u00f6r\u00f6g\u00e9re sz\u00e1radt, ism\u00e9t j\u00f6het az apr\u00edt\u00f3. <span style=\"text-decoration: underline\">\u00c9ppen csak<\/span> <span style=\"text-decoration: underline\">sz\u00e9tveretem<\/span> a szemeket ( nem \u0151rl\u00f6m lisztt\u00e9...! :) ) t\u00e9sztasz\u0171r\u0151n \u00e1tszit\u00e1lom. A magok \u00e9s a sz\u00f6sz\u00f6k \u00e1tpotyognak a sz\u0171r\u0151n, a csipkebogy\u00f3h\u00e9j fennmarad.<\/p>\r\n<p>Eg\u00e9sz t\u00e9lre megvan a szem\u00e9t \u00e9s adal\u00e9kmentes tea ! Meg\u00e9ri r\u00e1ford\u00edtani az id\u0151t !<\/p>\r\n<p style=\"text-align: center\"><img class=\"alignnone  wp-image-12156445\" src=\"https:\/\/annakonyha.cafeblog.hu\/files\/2015\/11\/DSC01054-300x224.jpg\" alt=\"\" width=\"351\" height=\"262\" \/><\/p>\r\n<p style=\"text-align: center\">\u00a0<\/p>\r\n<p style=\"text-align: center\">durv\u00e1ra apr\u00edtott csipkebogy\u00f3 megsz\u00e1radva<\/p>\r\n<p style=\"text-align: center\"><img class=\"alignnone  wp-image-12156442\" src=\"https:\/\/annakonyha.cafeblog.hu\/files\/2015\/11\/DSC01057-300x224.jpg\" alt=\"\" width=\"350\" height=\"262\" \/><\/p>\r\n<p style=\"text-align: center\">\u00a0<\/p>\r\n<p style=\"text-align: center\">a magok \u00e9s a sz\u00f6sz\u00f6k \u00e1tpotyognak a sz\u0171r\u0151n<\/p>\r\n<p style=\"text-align: center\"><img class=\"alignnone  wp-image-12156443\" src=\"https:\/\/annakonyha.cafeblog.hu\/files\/2015\/11\/DSC01056-300x224.jpg\" alt=\"\" width=\"352\" height=\"263\" \/><\/p>\r\n<p style=\"text-align: center\">\u00a0<\/p>\r\n<p style=\"text-align: center\">a megsz\u00e1radt vel\u0151 fennmarad<\/p>\r\n<p style=\"text-align: center\">\u00a0<\/p>","type":"rich","thumbnail_url":"https:\/\/annakonyha.cafeblog.hu\/files\/2015\/11\/DSC01055-150x150.jpg","thumbnail_width":150,"thumbnail_height":150}