{"version":"1.0","provider_name":"Anna konyh\u00e1ja","provider_url":"https:\/\/annakonyha.cafeblog.hu","author_name":"Anna","author_url":"https:\/\/annakonyha.cafeblog.hu\/author\/maricsanna2gmail-com\/","title":"Leveles buci","html":"<p style=\"text-align: center\"><img class=\"imgnotext\" src=\"https:\/\/annakonyha.cafeblog.hu\/files\/2015\/02\/004_23-1.jpg\" alt=\"004_23.JPG\" width=\"401\" height=\"301\" \/><\/p>\r\n<p><span style=\"text-decoration: underline;font-family: arial black,avant garde\">Hozz\u00e1val\u00f3k:<\/span><\/p>\r\n<ul style=\"list-style-type: undefined\">\r\n<li>2 dl kefir vagy joghurt,<\/li>\r\n<li>2,5 dkg \u00e9leszt\u0151,<\/li>\r\n<li>1\/2 kk s\u00f3,<\/li>\r\n<li>1 kk cukor,<\/li>\r\n<li>2,5 dkg vaj,<\/li>\r\n<li>35 dkg liszt,<\/li>\r\n<li>2,5 dkg vaj a leken\u00e9shez<\/li>\r\n<\/ul>\r\n<p><span style=\"text-decoration: underline;font-family: arial black,avant garde\">Elk\u00e9sz\u00edt\u00e9se:<\/span><\/p>\r\n<p>A kefirt langyosra meleg\u00edtem, belekeverem a cukrot, belemorzsolom az \u00e9leszt\u0151t, \u00e9s hagyom, hogy felfusson.<\/p>\r\n<p>Mikr\u00f3ban megpuh\u00edtom a vajat.<\/p>\r\n<p>A lisztet keleszt\u0151t\u00e1lba m\u00e9rem, s\u00f3zom, beleteszem a puha vajat, majd a felfuttatott \u00e9leszt\u0151s kefirt. K\u00f6nny\u0171 t\u00e9szt\u00e1v\u00e1 dagasztom, majd langyos helyen a dupl\u00e1j\u00e1ra kelesztem.<\/p>\r\n<p>Lisztezett gy\u00far\u00f3lapon kb 30x50 cm -es t\u00e9glalapra sodrom, olvasztott vajjal v\u00e9konyan bekenem, \u00e9s 5 db egyforma cs\u00edkra v\u00e1gom (30x10 cm), majd ezeket egym\u00e1sra illesztem. Ezt a vastag t\u00e9szta cs\u00edkot 8 n\u00e9gysz\u00f6gletes darabra v\u00e1gom. \u00c9l\u00e9re \u00e1ll\u00edtva egy kivajazott muffins\u00fct\u0151 m\u00e9lyed\u00e9seibe rakom. Meleg helyen 30 percet pihentetem. 180 <span class=\"st\">\u00b0<em>C<\/em><\/span>-ra el\u0151meleg\u00edtett s\u00fct\u0151be kb 20 perc alatt megs\u00fct\u00f6m. R\u00e1cson hagyom kih\u0171lni.<\/p>\r\n<p style=\"text-align: center\"><img class=\"imgnotext\" src=\"https:\/\/annakonyha.cafeblog.hu\/files\/2015\/02\/002_19.jpg\" alt=\"002_19.JPG\" width=\"348\" height=\"261\" \/><\/p>\r\n<p style=\"text-align: center\"><img class=\"imgnotext\" src=\"https:\/\/annakonyha.cafeblog.hu\/files\/2015\/02\/001_21.jpg\" alt=\"001_21.JPG\" width=\"348\" height=\"261\" \/><\/p>\r\n<p>&nbsp;<\/p>","type":"rich","thumbnail_url":"https:\/\/annakonyha.cafeblog.hu\/files\/2015\/02\/004_23-150x150.jpg","thumbnail_width":150,"thumbnail_height":150}